{"id":2,"date":"2024-11-05T14:32:07","date_gmt":"2024-11-05T14:32:07","guid":{"rendered":"https:\/\/eledi.robertocuomo.com\/?page_id=2"},"modified":"2026-02-11T10:43:39","modified_gmt":"2026-02-11T10:43:39","slug":"style-tips","status":"publish","type":"page","link":"https:\/\/eledi.robertocuomo.com\/?page_id=2","title":{"rendered":"Style Tips"},"content":{"rendered":"\t\t<div data-elementor-type=\"wp-page\" data-elementor-id=\"2\" class=\"elementor elementor-2\">\n\t\t\t\t<div class=\"elementor-element elementor-element-291e3045 e-flex e-con-boxed ecomus-responsive-column ecomus-tablet-column--default ecomus-responsive-column ecomus-mobile-column--default ecomus-responsive-column ecomus-motion--var(--position) wpr-particle-no wpr-jarallax-no wpr-parallax-no wpr-sticky-section-no e-con e-parent\" data-id=\"291e3045\" data-element_type=\"container\" data-e-type=\"container\" data-settings=\"{&quot;background_background&quot;:&quot;classic&quot;}\">\n\t\t\t\t\t<div class=\"e-con-inner\">\n\t\t\t\t<div class=\"elementor-element elementor-element-470af88 elementor-widget elementor-widget-heading\" data-id=\"470af88\" data-element_type=\"widget\" data-e-type=\"widget\" data-widget_type=\"heading.default\">\n\t\t\t\t<div class=\"elementor-widget-container\">\n\t\t\t\t\t<h2 class=\"elementor-heading-title elementor-size-default\">Style Tips<\/h2>\t\t\t\t<\/div>\n\t\t\t\t<\/div>\n\t\t\t\t<div class=\"elementor-element elementor-element-f95894b elementor-widget__width-initial elementor-widget-mobile__width-initial elementor-widget elementor-widget-text-editor\" data-id=\"f95894b\" data-element_type=\"widget\" data-e-type=\"widget\" data-widget_type=\"text-editor.default\">\n\t\t\t\t<div class=\"elementor-widget-container\">\n\t\t\t\t\t\t\t\t\t<p>Qui troverai consigli pratici, tendenze del momento e suggerimenti professionali per valorizzare al meglio i tuoi capelli.<\/p>\t\t\t\t\t\t\t\t<\/div>\n\t\t\t\t<\/div>\n\t\t\t\t\t<\/div>\n\t\t\t\t<\/div>\n\t\t<div class=\"elementor-element elementor-element-50ac3522 e-flex e-con-boxed ecomus-responsive-column ecomus-tablet-column--default ecomus-responsive-column ecomus-mobile-column--default ecomus-responsive-column ecomus-motion--var(--position) wpr-particle-no wpr-jarallax-no wpr-parallax-no wpr-sticky-section-no e-con e-parent\" data-id=\"50ac3522\" data-element_type=\"container\" data-e-type=\"container\">\n\t\t\t\t\t<div class=\"e-con-inner\">\n\t\t<div class=\"elementor-element elementor-element-306c423a e-con-full e-flex ecomus-responsive-column ecomus-tablet-column--default ecomus-responsive-column ecomus-mobile-column--default ecomus-responsive-column ecomus-motion--var(--position) wpr-particle-no wpr-jarallax-no wpr-parallax-no wpr-sticky-section-no e-con e-child\" data-id=\"306c423a\" data-element_type=\"container\" data-e-type=\"container\">\n\t\t\t\t<div class=\"elementor-element elementor-element-260bbe8d wpr-grid-columns-1 wpr-grid-columns--tablet1 wpr-grid-columns--mobile1 wpr-item-styles-inner elementor-widget elementor-widget-wpr-grid\" data-id=\"260bbe8d\" data-element_type=\"widget\" data-e-type=\"widget\" data-widget_type=\"wpr-grid.default\">\n\t\t\t\t<div class=\"elementor-widget-container\">\n\t\t\t\t\t<ul class=\"wpr-grid-filters elementor-clearfix wpr-grid-filters-sep-right\"><li class=\" wpr-pointer-none wpr-pointer-line-fx wpr-pointer-fx-fade\"><span  data-filter=\"*\" class=\"wpr-grid-filters-item wpr-active-filter \"><i class=\" wpr-grid-filters-icon-left\"><\/i>All Posts<\/span><em class=\"wpr-grid-filters-sep\"><\/em><\/li><li class=\" wpr-pointer-none wpr-pointer-line-fx wpr-pointer-fx-fade\"><span   data-ajax-filter=[\"category\",\"cura-dei-capelli\"]  data-filter=\".category-cura-dei-capelli\"><i class=\" wpr-grid-filters-icon-left\"><\/i>Cura dei Capelli<\/span><em class=\"wpr-grid-filters-sep\"><\/em><\/li><li class=\" wpr-pointer-none wpr-pointer-line-fx wpr-pointer-fx-fade\"><span   data-ajax-filter=[\"category\",\"cura-del-viso\"]  data-filter=\".category-cura-del-viso\"><i class=\" wpr-grid-filters-icon-left\"><\/i>Cura del Viso<\/span><em class=\"wpr-grid-filters-sep\"><\/em><\/li><li class=\" wpr-pointer-none wpr-pointer-line-fx wpr-pointer-fx-fade\"><span   data-ajax-filter=[\"category\",\"innovazione\"]  data-filter=\".category-innovazione\"><i class=\" wpr-grid-filters-icon-left\"><\/i>Innovazione<\/span><em class=\"wpr-grid-filters-sep\"><\/em><\/li><li class=\" wpr-pointer-none wpr-pointer-line-fx wpr-pointer-fx-fade\"><span   data-ajax-filter=[\"category\",\"made-in-italy\"]  data-filter=\".category-made-in-italy\"><i class=\" wpr-grid-filters-icon-left\"><\/i>Made In Italy<\/span><em class=\"wpr-grid-filters-sep\"><\/em><\/li><li class=\" wpr-pointer-none wpr-pointer-line-fx wpr-pointer-fx-fade\"><span   data-ajax-filter=[\"category\",\"news\"]  data-filter=\".category-news\"><i class=\" wpr-grid-filters-icon-left\"><\/i>News<\/span><em class=\"wpr-grid-filters-sep\"><\/em><\/li><li class=\" wpr-pointer-none wpr-pointer-line-fx wpr-pointer-fx-fade\"><span   data-ajax-filter=[\"category\",\"styling\"]  data-filter=\".category-styling\"><i class=\" wpr-grid-filters-icon-left\"><\/i>Styling<\/span><em class=\"wpr-grid-filters-sep\"><\/em><\/li><li class=\" wpr-pointer-none wpr-pointer-line-fx wpr-pointer-fx-fade\"><span   data-ajax-filter=[\"category\",\"tendenza\"]  data-filter=\".category-tendenza\"><i class=\" wpr-grid-filters-icon-left\"><\/i>Tendenza<\/span><em class=\"wpr-grid-filters-sep\"><\/em><\/li><\/ul><section class=\"wpr-grid elementor-clearfix\" data-settings=\"{&quot;layout&quot;:&quot;list&quot;,&quot;stick_last_element_to_bottom&quot;:&quot;no&quot;,&quot;columns_desktop&quot;:&quot;1&quot;,&quot;gutter_hr&quot;:40,&quot;gutter_hr_mobile&quot;:30,&quot;gutter_hr_mobile_extra&quot;:40,&quot;gutter_hr_tablet&quot;:40,&quot;gutter_hr_tablet_extra&quot;:40,&quot;gutter_hr_laptop&quot;:40,&quot;gutter_hr_widescreen&quot;:40,&quot;gutter_vr&quot;:65,&quot;gutter_vr_mobile&quot;:54,&quot;gutter_vr_mobile_extra&quot;:65,&quot;gutter_vr_tablet&quot;:65,&quot;gutter_vr_tablet_extra&quot;:65,&quot;gutter_vr_laptop&quot;:65,&quot;gutter_vr_widescreen&quot;:65,&quot;animation&quot;:&quot;default&quot;,&quot;animation_duration&quot;:0.3,&quot;animation_delay&quot;:0.1,&quot;deeplinking&quot;:&quot;no&quot;,&quot;filters_linkable&quot;:&quot;no&quot;,&quot;filters_default_filter&quot;:&quot;&quot;,&quot;filters_count&quot;:&quot;no&quot;,&quot;filters_hide_empty&quot;:&quot;no&quot;,&quot;filters_animation&quot;:&quot;default&quot;,&quot;filters_animation_duration&quot;:0.3,&quot;filters_animation_delay&quot;:0.1,&quot;pagination_type&quot;:&quot;numbered&quot;,&quot;pagination_max_pages&quot;:1,&quot;media_align&quot;:&quot;left&quot;,&quot;media_width&quot;:32,&quot;media_distance&quot;:20,&quot;lightbox&quot;:{&quot;selector&quot;:&quot;.wpr-grid-image-wrap&quot;,&quot;iframeMaxWidth&quot;:&quot;60%&quot;,&quot;hash&quot;:false,&quot;autoplay&quot;:&quot;true&quot;,&quot;pause&quot;:5000,&quot;progressBar&quot;:&quot;true&quot;,&quot;counter&quot;:&quot;true&quot;,&quot;controls&quot;:&quot;true&quot;,&quot;getCaptionFromTitleOrAlt&quot;:&quot;true&quot;,&quot;thumbnail&quot;:&quot;true&quot;,&quot;showThumbByDefault&quot;:&quot;true&quot;,&quot;share&quot;:&quot;true&quot;,&quot;zoom&quot;:&quot;true&quot;,&quot;fullScreen&quot;:&quot;true&quot;,&quot;download&quot;:&quot;true&quot;}}\"><article class=\"wpr-grid-item elementor-clearfix post-43617 post type-post status-publish format-standard has-post-thumbnail hentry category-cura-dei-capelli category-cura-del-viso category-innovazione category-made-in-italy category-news category-styling category-tendenza tag-tendenza\"><div class=\"wpr-grid-item-inner\"><div class=\"wpr-grid-media-wrap wpr-effect-size-medium \" data-overlay-link=\"yes\"><div class=\"wpr-grid-image-wrap\" data-src=\"https:\/\/eledi.robertocuomo.com\/wp-content\/uploads\/2025\/01\/44-1.jpg\" data-img-on-hover=\"\"  data-src-secondary=\"\"><img decoding=\"async\" data-no-lazy=\"1\" src=\"https:\/\/eledi.robertocuomo.com\/wp-content\/uploads\/2025\/01\/44-1.jpg\" alt=\"La tua hair routine per capelli difficili da gestire\" class=\"wpr-anim-timing-ease-default\"><\/div><div class=\"wpr-grid-media-hover wpr-animation-wrap\"><div class=\"wpr-grid-media-hover-bg  wpr-overlay-fade-in wpr-anim-size-large wpr-anim-timing-ease-default wpr-anim-transparency\" data-url=\"https:\/\/eledi.robertocuomo.com\/?p=43617\"><\/div><div class=\"wpr-grid-media-hover-top elementor-clearfix\"><div class=\"wpr-grid-item-sharing elementor-repeater-item-22f893b wpr-grid-item-display-inline wpr-grid-item-align-left wpr-element-slide-left wpr-anim-size-large wpr-anim-timing-ease-default wpr-anim-transparency\"><div class=\"inner-block\"><span class=\"wpr-post-sharing\"><a class=\"wpr-sharing-trigger wpr-sharing-icon\" data-action=\"click\" data-direction=\"right\"><i class=\"fas fa-share\"><\/i><\/a><span class=\"wpr-post-sharing-inner wpr-sharing-hidden\"><a href=\"https:\/\/www.facebook.com\/sharer.php?u=https:\/\/eledi.robertocuomo.com\/?p=43617\" class=\"wpr-sharing-icon wpr-sharing-facebook-f\" title=\"\" target=\"_blank\"><i class=\"fab fa-facebook-f\"><\/i><\/a><a href=\"https:\/\/api.whatsapp.com\/send?text=https:\/\/eledi.robertocuomo.com\/?p=43617\" class=\"wpr-sharing-icon wpr-sharing-whatsapp\" title=\"\" target=\"_blank\"><i class=\"fab fa-whatsapp\"><\/i><\/a><a href=\"https:\/\/www.linkedin.com\/shareArticle?mini=true&url=https:\/\/eledi.robertocuomo.com\/?p=43617&title=La tua hair routine per capelli difficili da gestire&summary=Ti svegli al mattino, ti guardi allo specchio e i tuoi capelli sembrano aver perso vitalit\u00e0: sono opachi, secchi e difficili da gestire. Nonostante tu ci metta impegno, maschere, oli, piastre e mille prodotti \u2013 il risultato non cambia. Ti chiedi: \u201cCosa sto sbagliando?\u201d Tranquilla, non sei sola!&source=https:\/\/eledi.robertocuomo.com\/?p=43617\" class=\"wpr-sharing-icon wpr-sharing-linkedin-in\" title=\"\" target=\"_blank\"><i class=\"fab fa-linkedin-in\"><\/i><\/a><a href=\"https:\/\/telegram.me\/share\/url?url=https:\/\/eledi.robertocuomo.com\/?p=43617&text=Ti svegli al mattino, ti guardi allo specchio e i tuoi capelli sembrano aver perso vitalit\u00e0: sono opachi, secchi e difficili da gestire. Nonostante tu ci metta impegno, maschere, oli, piastre e mille prodotti \u2013 il risultato non cambia. Ti chiedi: \u201cCosa sto sbagliando?\u201d Tranquilla, non sei sola!\" class=\"wpr-sharing-icon wpr-sharing-telegram\" title=\"\" target=\"_blank\"><i class=\"fab fa-telegram\"><\/i><\/a><\/span><\/span><\/div><\/div><\/div><\/div><\/div><div class=\"wpr-grid-item-below-content elementor-clearfix\"><div class=\"wpr-grid-item-date elementor-repeater-item-28b4ad5 wpr-grid-item-display-inline wpr-grid-item-align-left\"><div class=\"inner-block\"><span>10 Febbraio 2026<span class=\"wpr-grid-extra-text-right\"><\/span><\/span><\/div><\/div><h2 class=\"wpr-grid-item-title elementor-repeater-item-c10ba68 wpr-grid-item-display-block wpr-grid-item-align-left wpr-pointer-none wpr-pointer-line-fx wpr-pointer-fx-slide\"><div class=\"inner-block\"><a target=\"_self\"  href=\"https:\/\/eledi.robertocuomo.com\/?p=43617\">La tua hair routine per capelli difficili da gestire<\/a><\/div><\/h2><div class=\"wpr-grid-item-excerpt elementor-repeater-item-b681615 wpr-grid-item-display-block wpr-grid-item-align-left\"><div class=\"inner-block\"><p>Ti svegli al mattino, ti guardi allo specchio e i tuoi capelli sembrano aver perso vitalit\u00e0: sono opachi, secchi...<\/p><\/div><\/div><div class=\"wpr-grid-item-read-more elementor-repeater-item-dd9f94b wpr-grid-item-display-block wpr-grid-item-align-left\"><div class=\"inner-block\"><a target=\"_self\" href=\"https:\/\/eledi.robertocuomo.com\/?p=43617\" class=\"wpr-button-effect wpr-button-none\"><span>Leggi l&#039;articolo<\/span><\/a><\/div><\/div><\/div><\/div><\/article><article class=\"wpr-grid-item elementor-clearfix post-43613 post type-post status-publish format-standard has-post-thumbnail hentry category-cura-dei-capelli category-cura-del-viso category-innovazione category-made-in-italy category-news category-styling category-tendenza tag-tendenza\"><div class=\"wpr-grid-item-inner\"><div class=\"wpr-grid-media-wrap wpr-effect-size-medium \" data-overlay-link=\"yes\"><div class=\"wpr-grid-image-wrap\" data-src=\"https:\/\/eledi.robertocuomo.com\/wp-content\/uploads\/2025\/01\/articolo4-kapera-scaled-1.jpg\" data-img-on-hover=\"\"  data-src-secondary=\"\"><img decoding=\"async\" data-no-lazy=\"1\" src=\"https:\/\/eledi.robertocuomo.com\/wp-content\/uploads\/2025\/01\/articolo4-kapera-scaled-1.jpg\" alt=\"Capelli Perfetti e Pronti per la Giornata: La Routine Lovely per la frenesia quotidiana\" class=\"wpr-anim-timing-ease-default\"><\/div><div class=\"wpr-grid-media-hover wpr-animation-wrap\"><div class=\"wpr-grid-media-hover-bg  wpr-overlay-fade-in wpr-anim-size-large wpr-anim-timing-ease-default wpr-anim-transparency\" data-url=\"https:\/\/eledi.robertocuomo.com\/?p=43613\"><\/div><div class=\"wpr-grid-media-hover-top elementor-clearfix\"><div class=\"wpr-grid-item-sharing elementor-repeater-item-22f893b wpr-grid-item-display-inline wpr-grid-item-align-left wpr-element-slide-left wpr-anim-size-large wpr-anim-timing-ease-default wpr-anim-transparency\"><div class=\"inner-block\"><span class=\"wpr-post-sharing\"><a class=\"wpr-sharing-trigger wpr-sharing-icon\" data-action=\"click\" data-direction=\"right\"><i class=\"fas fa-share\"><\/i><\/a><span class=\"wpr-post-sharing-inner wpr-sharing-hidden\"><a href=\"https:\/\/www.facebook.com\/sharer.php?u=https:\/\/eledi.robertocuomo.com\/?p=43613\" class=\"wpr-sharing-icon wpr-sharing-facebook-f\" title=\"\" target=\"_blank\"><i class=\"fab fa-facebook-f\"><\/i><\/a><a href=\"https:\/\/api.whatsapp.com\/send?text=https:\/\/eledi.robertocuomo.com\/?p=43613\" class=\"wpr-sharing-icon wpr-sharing-whatsapp\" title=\"\" target=\"_blank\"><i class=\"fab fa-whatsapp\"><\/i><\/a><a href=\"https:\/\/www.linkedin.com\/shareArticle?mini=true&url=https:\/\/eledi.robertocuomo.com\/?p=43613&title=Capelli Perfetti e Pronti per la Giornata: La Routine Lovely per la frenesia quotidiana&summary=Nel mondo frenetico di oggi, la donna in carriera ha bisogno di una routine capillare che sia tanto efficace quanto veloce. La linea Lovely di Kapera, parte della collezione The Doll, \u00e8 studiata per chi cerca la perfezione dei capelli anche nei ritmi intensi della vita quotidiana. Grazie al Lovely Shampoo &amp; Conditioner, mantenere i capelli puliti, freschi e in ordine diventa semplice anche con lavaggi frequenti, permettendo alla chioma di rimanere idratata e piena di vitalit\u00e0 senza appesantirsi&source=https:\/\/eledi.robertocuomo.com\/?p=43613\" class=\"wpr-sharing-icon wpr-sharing-linkedin-in\" title=\"\" target=\"_blank\"><i class=\"fab fa-linkedin-in\"><\/i><\/a><a href=\"https:\/\/telegram.me\/share\/url?url=https:\/\/eledi.robertocuomo.com\/?p=43613&text=Nel mondo frenetico di oggi, la donna in carriera ha bisogno di una routine capillare che sia tanto efficace quanto veloce. La linea Lovely di Kapera, parte della collezione The Doll, \u00e8 studiata per chi cerca la perfezione dei capelli anche nei ritmi intensi della vita quotidiana. Grazie al Lovely Shampoo &amp; Conditioner, mantenere i capelli puliti, freschi e in ordine diventa semplice anche con lavaggi frequenti, permettendo alla chioma di rimanere idratata e piena di vitalit\u00e0 senza appesantirsi\" class=\"wpr-sharing-icon wpr-sharing-telegram\" title=\"\" target=\"_blank\"><i class=\"fab fa-telegram\"><\/i><\/a><\/span><\/span><\/div><\/div><\/div><\/div><\/div><div class=\"wpr-grid-item-below-content elementor-clearfix\"><div class=\"wpr-grid-item-date elementor-repeater-item-28b4ad5 wpr-grid-item-display-inline wpr-grid-item-align-left\"><div class=\"inner-block\"><span>10 Febbraio 2026<span class=\"wpr-grid-extra-text-right\"><\/span><\/span><\/div><\/div><h2 class=\"wpr-grid-item-title elementor-repeater-item-c10ba68 wpr-grid-item-display-block wpr-grid-item-align-left wpr-pointer-none wpr-pointer-line-fx wpr-pointer-fx-slide\"><div class=\"inner-block\"><a target=\"_self\"  href=\"https:\/\/eledi.robertocuomo.com\/?p=43613\">Capelli Perfetti e Pronti per la Giornata: La Routine Lovely per la frenesia quotidiana<\/a><\/div><\/h2><div class=\"wpr-grid-item-excerpt elementor-repeater-item-b681615 wpr-grid-item-display-block wpr-grid-item-align-left\"><div class=\"inner-block\"><p>Nel mondo frenetico di oggi, la donna in carriera ha bisogno di una routine capillare che sia tanto efficace...<\/p><\/div><\/div><div class=\"wpr-grid-item-read-more elementor-repeater-item-dd9f94b wpr-grid-item-display-block wpr-grid-item-align-left\"><div class=\"inner-block\"><a target=\"_self\" href=\"https:\/\/eledi.robertocuomo.com\/?p=43613\" class=\"wpr-button-effect wpr-button-none\"><span>Leggi l&#039;articolo<\/span><\/a><\/div><\/div><\/div><\/div><\/article><article class=\"wpr-grid-item elementor-clearfix post-43609 post type-post status-publish format-standard has-post-thumbnail hentry category-cura-dei-capelli category-cura-del-viso category-innovazione category-made-in-italy category-news category-styling category-tendenza tag-tendenza\"><div class=\"wpr-grid-item-inner\"><div class=\"wpr-grid-media-wrap wpr-effect-size-medium \" data-overlay-link=\"yes\"><div class=\"wpr-grid-image-wrap\" data-src=\"https:\/\/eledi.robertocuomo.com\/wp-content\/uploads\/2025\/02\/articolo-loro-scaled-1.jpg\" data-img-on-hover=\"\"  data-src-secondary=\"\"><img decoding=\"async\" data-no-lazy=\"1\" src=\"https:\/\/eledi.robertocuomo.com\/wp-content\/uploads\/2025\/02\/articolo-loro-scaled-1.jpg\" alt=\"Autumn Vibes: I Trend del 2025\" class=\"wpr-anim-timing-ease-default\"><\/div><div class=\"wpr-grid-media-hover wpr-animation-wrap\"><div class=\"wpr-grid-media-hover-bg  wpr-overlay-fade-in wpr-anim-size-large wpr-anim-timing-ease-default wpr-anim-transparency\" data-url=\"https:\/\/eledi.robertocuomo.com\/?p=43609\"><\/div><div class=\"wpr-grid-media-hover-top elementor-clearfix\"><div class=\"wpr-grid-item-sharing elementor-repeater-item-22f893b wpr-grid-item-display-inline wpr-grid-item-align-left wpr-element-slide-left wpr-anim-size-large wpr-anim-timing-ease-default wpr-anim-transparency\"><div class=\"inner-block\"><span class=\"wpr-post-sharing\"><a class=\"wpr-sharing-trigger wpr-sharing-icon\" data-action=\"click\" data-direction=\"right\"><i class=\"fas fa-share\"><\/i><\/a><span class=\"wpr-post-sharing-inner wpr-sharing-hidden\"><a href=\"https:\/\/www.facebook.com\/sharer.php?u=https:\/\/eledi.robertocuomo.com\/?p=43609\" class=\"wpr-sharing-icon wpr-sharing-facebook-f\" title=\"\" target=\"_blank\"><i class=\"fab fa-facebook-f\"><\/i><\/a><a href=\"https:\/\/api.whatsapp.com\/send?text=https:\/\/eledi.robertocuomo.com\/?p=43609\" class=\"wpr-sharing-icon wpr-sharing-whatsapp\" title=\"\" target=\"_blank\"><i class=\"fab fa-whatsapp\"><\/i><\/a><a href=\"https:\/\/www.linkedin.com\/shareArticle?mini=true&url=https:\/\/eledi.robertocuomo.com\/?p=43609&title=Autumn Vibes: I Trend del 2025&summary=Cosa prevedono le nuove tendenze autunno-inverno 2024\/2025?\nColori caldi o freddi? Scopriamolo insieme in questo articolo!\nL\u2019autunno \u00e8 arrivato, si sa, e con questa stagione arrivano anche tutte le novit\u00e0 in fatto di stile.\nLe pi\u00f9 note passerelle ci mostrano cosa andr\u00e0 di moda, abbigliamento, make-up, nails art etc, ma noi vogliamo raccontarvi (e mostrarvi) quale sar\u00e0 il nuovo focus capelli! Pronti? Mettetevi comode e iniziate a prenotare il vostro appuntamento in salone!&source=https:\/\/eledi.robertocuomo.com\/?p=43609\" class=\"wpr-sharing-icon wpr-sharing-linkedin-in\" title=\"\" target=\"_blank\"><i class=\"fab fa-linkedin-in\"><\/i><\/a><a href=\"https:\/\/telegram.me\/share\/url?url=https:\/\/eledi.robertocuomo.com\/?p=43609&text=Cosa prevedono le nuove tendenze autunno-inverno 2024\/2025?\nColori caldi o freddi? Scopriamolo insieme in questo articolo!\nL\u2019autunno \u00e8 arrivato, si sa, e con questa stagione arrivano anche tutte le novit\u00e0 in fatto di stile.\nLe pi\u00f9 note passerelle ci mostrano cosa andr\u00e0 di moda, abbigliamento, make-up, nails art etc, ma noi vogliamo raccontarvi (e mostrarvi) quale sar\u00e0 il nuovo focus capelli! Pronti? Mettetevi comode e iniziate a prenotare il vostro appuntamento in salone!\" class=\"wpr-sharing-icon wpr-sharing-telegram\" title=\"\" target=\"_blank\"><i class=\"fab fa-telegram\"><\/i><\/a><\/span><\/span><\/div><\/div><\/div><\/div><\/div><div class=\"wpr-grid-item-below-content elementor-clearfix\"><div class=\"wpr-grid-item-date elementor-repeater-item-28b4ad5 wpr-grid-item-display-inline wpr-grid-item-align-left\"><div class=\"inner-block\"><span>10 Febbraio 2026<span class=\"wpr-grid-extra-text-right\"><\/span><\/span><\/div><\/div><h2 class=\"wpr-grid-item-title elementor-repeater-item-c10ba68 wpr-grid-item-display-block wpr-grid-item-align-left wpr-pointer-none wpr-pointer-line-fx wpr-pointer-fx-slide\"><div class=\"inner-block\"><a target=\"_self\"  href=\"https:\/\/eledi.robertocuomo.com\/?p=43609\">Autumn Vibes: I Trend del 2025<\/a><\/div><\/h2><div class=\"wpr-grid-item-excerpt elementor-repeater-item-b681615 wpr-grid-item-display-block wpr-grid-item-align-left\"><div class=\"inner-block\"><p>Cosa prevedono le nuove tendenze autunno-inverno 2024\/2025? Colori caldi o freddi? Scopriamolo insieme in questo articolo! L\u2019autunno \u00e8 arrivato,...<\/p><\/div><\/div><div class=\"wpr-grid-item-read-more elementor-repeater-item-dd9f94b wpr-grid-item-display-block wpr-grid-item-align-left\"><div class=\"inner-block\"><a target=\"_self\" href=\"https:\/\/eledi.robertocuomo.com\/?p=43609\" class=\"wpr-button-effect wpr-button-none\"><span>Leggi l&#039;articolo<\/span><\/a><\/div><\/div><\/div><\/div><\/article><article class=\"wpr-grid-item elementor-clearfix post-43605 post type-post status-publish format-standard has-post-thumbnail hentry category-cura-dei-capelli category-cura-del-viso category-innovazione category-made-in-italy category-news category-styling category-tendenza tag-tendenza\"><div class=\"wpr-grid-item-inner\"><div class=\"wpr-grid-media-wrap wpr-effect-size-medium \" data-overlay-link=\"yes\"><div class=\"wpr-grid-image-wrap\" data-src=\"https:\/\/eledi.robertocuomo.com\/wp-content\/uploads\/2025\/03\/Caduta-dei-capelli-in-autunno.jpg\" data-img-on-hover=\"\"  data-src-secondary=\"\"><img decoding=\"async\" data-no-lazy=\"1\" src=\"https:\/\/eledi.robertocuomo.com\/wp-content\/uploads\/2025\/03\/Caduta-dei-capelli-in-autunno.jpg\" alt=\"La Caduta dei Capelli in Autunno: Cause e Soluzioni con Prodotti Kapera\" class=\"wpr-anim-timing-ease-default\"><\/div><div class=\"wpr-grid-media-hover wpr-animation-wrap\"><div class=\"wpr-grid-media-hover-bg  wpr-overlay-fade-in wpr-anim-size-large wpr-anim-timing-ease-default wpr-anim-transparency\" data-url=\"https:\/\/eledi.robertocuomo.com\/?p=43605\"><\/div><div class=\"wpr-grid-media-hover-top elementor-clearfix\"><div class=\"wpr-grid-item-sharing elementor-repeater-item-22f893b wpr-grid-item-display-inline wpr-grid-item-align-left wpr-element-slide-left wpr-anim-size-large wpr-anim-timing-ease-default wpr-anim-transparency\"><div class=\"inner-block\"><span class=\"wpr-post-sharing\"><a class=\"wpr-sharing-trigger wpr-sharing-icon\" data-action=\"click\" data-direction=\"right\"><i class=\"fas fa-share\"><\/i><\/a><span class=\"wpr-post-sharing-inner wpr-sharing-hidden\"><a href=\"https:\/\/www.facebook.com\/sharer.php?u=https:\/\/eledi.robertocuomo.com\/?p=43605\" class=\"wpr-sharing-icon wpr-sharing-facebook-f\" title=\"\" target=\"_blank\"><i class=\"fab fa-facebook-f\"><\/i><\/a><a href=\"https:\/\/api.whatsapp.com\/send?text=https:\/\/eledi.robertocuomo.com\/?p=43605\" class=\"wpr-sharing-icon wpr-sharing-whatsapp\" title=\"\" target=\"_blank\"><i class=\"fab fa-whatsapp\"><\/i><\/a><a href=\"https:\/\/www.linkedin.com\/shareArticle?mini=true&url=https:\/\/eledi.robertocuomo.com\/?p=43605&title=La Caduta dei Capelli in Autunno: Cause e Soluzioni con Prodotti Kapera&summary=Con l\u2019arrivo dell\u2019autunno, molti notano un fenomeno comune: la\u00a0caduta dei capelli. Anche se pu\u00f2 sembrare allarmante, si tratta di un processo naturale che interessa sia uomini che donne in questo periodo dell\u2019anno.&source=https:\/\/eledi.robertocuomo.com\/?p=43605\" class=\"wpr-sharing-icon wpr-sharing-linkedin-in\" title=\"\" target=\"_blank\"><i class=\"fab fa-linkedin-in\"><\/i><\/a><a href=\"https:\/\/telegram.me\/share\/url?url=https:\/\/eledi.robertocuomo.com\/?p=43605&text=Con l\u2019arrivo dell\u2019autunno, molti notano un fenomeno comune: la\u00a0caduta dei capelli. Anche se pu\u00f2 sembrare allarmante, si tratta di un processo naturale che interessa sia uomini che donne in questo periodo dell\u2019anno.\" class=\"wpr-sharing-icon wpr-sharing-telegram\" title=\"\" target=\"_blank\"><i class=\"fab fa-telegram\"><\/i><\/a><\/span><\/span><\/div><\/div><\/div><\/div><\/div><div class=\"wpr-grid-item-below-content elementor-clearfix\"><div class=\"wpr-grid-item-date elementor-repeater-item-28b4ad5 wpr-grid-item-display-inline wpr-grid-item-align-left\"><div class=\"inner-block\"><span>10 Febbraio 2026<span class=\"wpr-grid-extra-text-right\"><\/span><\/span><\/div><\/div><h2 class=\"wpr-grid-item-title elementor-repeater-item-c10ba68 wpr-grid-item-display-block wpr-grid-item-align-left wpr-pointer-none wpr-pointer-line-fx wpr-pointer-fx-slide\"><div class=\"inner-block\"><a target=\"_self\"  href=\"https:\/\/eledi.robertocuomo.com\/?p=43605\">La Caduta dei Capelli in Autunno: Cause e Soluzioni con Prodotti Kapera<\/a><\/div><\/h2><div class=\"wpr-grid-item-excerpt elementor-repeater-item-b681615 wpr-grid-item-display-block wpr-grid-item-align-left\"><div class=\"inner-block\"><p>Con l\u2019arrivo dell\u2019autunno, molti notano un fenomeno comune: la\u00a0caduta dei capelli. Anche se pu\u00f2 sembrare allarmante, si tratta di...<\/p><\/div><\/div><div class=\"wpr-grid-item-read-more elementor-repeater-item-dd9f94b wpr-grid-item-display-block wpr-grid-item-align-left\"><div class=\"inner-block\"><a target=\"_self\" href=\"https:\/\/eledi.robertocuomo.com\/?p=43605\" class=\"wpr-button-effect wpr-button-none\"><span>Leggi l&#039;articolo<\/span><\/a><\/div><\/div><\/div><\/div><\/article><article class=\"wpr-grid-item elementor-clearfix post-36377 post type-post status-publish format-standard has-post-thumbnail hentry category-cura-dei-capelli category-cura-del-viso category-innovazione category-made-in-italy category-news category-styling category-tendenza tag-tendenza\"><div class=\"wpr-grid-item-inner\"><div class=\"wpr-grid-media-wrap wpr-effect-size-medium \" data-overlay-link=\"yes\"><div class=\"wpr-grid-image-wrap\" data-src=\"https:\/\/eledi.robertocuomo.com\/wp-content\/uploads\/2026\/02\/VIN0443-1.jpg\" data-img-on-hover=\"\"  data-src-secondary=\"\"><img decoding=\"async\" data-no-lazy=\"1\" src=\"https:\/\/eledi.robertocuomo.com\/wp-content\/uploads\/2026\/02\/VIN0443-1.jpg\" alt=\"Come diventa glam via Brin. Dopo \u00abEccellenze\u00bb arriva \u00abKapera\u00bb\" class=\"wpr-anim-timing-ease-default\"><\/div><div class=\"wpr-grid-media-hover wpr-animation-wrap\"><div class=\"wpr-grid-media-hover-bg  wpr-overlay-fade-in wpr-anim-size-large wpr-anim-timing-ease-default wpr-anim-transparency\" data-url=\"https:\/\/eledi.robertocuomo.com\/?p=36377\"><\/div><div class=\"wpr-grid-media-hover-top elementor-clearfix\"><div class=\"wpr-grid-item-sharing elementor-repeater-item-22f893b wpr-grid-item-display-inline wpr-grid-item-align-left wpr-element-slide-left wpr-anim-size-large wpr-anim-timing-ease-default wpr-anim-transparency\"><div class=\"inner-block\"><span class=\"wpr-post-sharing\"><a class=\"wpr-sharing-trigger wpr-sharing-icon\" data-action=\"click\" data-direction=\"right\"><i class=\"fas fa-share\"><\/i><\/a><span class=\"wpr-post-sharing-inner wpr-sharing-hidden\"><a href=\"https:\/\/www.facebook.com\/sharer.php?u=https:\/\/eledi.robertocuomo.com\/?p=36377\" class=\"wpr-sharing-icon wpr-sharing-facebook-f\" title=\"\" target=\"_blank\"><i class=\"fab fa-facebook-f\"><\/i><\/a><a href=\"https:\/\/api.whatsapp.com\/send?text=https:\/\/eledi.robertocuomo.com\/?p=36377\" class=\"wpr-sharing-icon wpr-sharing-whatsapp\" title=\"\" target=\"_blank\"><i class=\"fab fa-whatsapp\"><\/i><\/a><a href=\"https:\/\/www.linkedin.com\/shareArticle?mini=true&url=https:\/\/eledi.robertocuomo.com\/?p=36377&title=Come diventa glam via Brin. Dopo \u00abEccellenze\u00bb arriva \u00abKapera\u00bb&summary=Com\u2019\u00e8 glam via Brin! A una passo da\u00a0Eccellenze Campania, di fronte allo studentato dell\u2019Orientale, ha appena inaugurato\u00a0Kapera, un grande spazio su due livelli che un tempo avremmo definito, senza paura di risultare vintage, Salone di bellezza.&source=https:\/\/eledi.robertocuomo.com\/?p=36377\" class=\"wpr-sharing-icon wpr-sharing-linkedin-in\" title=\"\" target=\"_blank\"><i class=\"fab fa-linkedin-in\"><\/i><\/a><a href=\"https:\/\/telegram.me\/share\/url?url=https:\/\/eledi.robertocuomo.com\/?p=36377&text=Com\u2019\u00e8 glam via Brin! A una passo da\u00a0Eccellenze Campania, di fronte allo studentato dell\u2019Orientale, ha appena inaugurato\u00a0Kapera, un grande spazio su due livelli che un tempo avremmo definito, senza paura di risultare vintage, Salone di bellezza.\" class=\"wpr-sharing-icon wpr-sharing-telegram\" title=\"\" target=\"_blank\"><i class=\"fab fa-telegram\"><\/i><\/a><\/span><\/span><\/div><\/div><\/div><\/div><\/div><div class=\"wpr-grid-item-below-content elementor-clearfix\"><div class=\"wpr-grid-item-date elementor-repeater-item-28b4ad5 wpr-grid-item-display-inline wpr-grid-item-align-left\"><div class=\"inner-block\"><span>30 Marzo 2025<span class=\"wpr-grid-extra-text-right\"><\/span><\/span><\/div><\/div><h2 class=\"wpr-grid-item-title elementor-repeater-item-c10ba68 wpr-grid-item-display-block wpr-grid-item-align-left wpr-pointer-none wpr-pointer-line-fx wpr-pointer-fx-slide\"><div class=\"inner-block\"><a target=\"_self\"  href=\"https:\/\/eledi.robertocuomo.com\/?p=36377\">Come diventa glam via Brin. Dopo \u00abEccellenze\u00bb arriva \u00abKapera\u00bb<\/a><\/div><\/h2><div class=\"wpr-grid-item-excerpt elementor-repeater-item-b681615 wpr-grid-item-display-block wpr-grid-item-align-left\"><div class=\"inner-block\"><p>Com\u2019\u00e8 glam via Brin! A una passo da\u00a0Eccellenze Campania, di fronte allo studentato dell\u2019Orientale, ha appena inaugurato\u00a0Kapera, un grande...<\/p><\/div><\/div><div class=\"wpr-grid-item-read-more elementor-repeater-item-dd9f94b wpr-grid-item-display-block wpr-grid-item-align-left\"><div class=\"inner-block\"><a target=\"_self\" href=\"https:\/\/eledi.robertocuomo.com\/?p=36377\" class=\"wpr-button-effect wpr-button-none\"><span>Leggi l&#039;articolo<\/span><\/a><\/div><\/div><\/div><\/div><\/article><\/section>\t\t\t\t<\/div>\n\t\t\t\t<\/div>\n\t\t\t\t<\/div>\n\t\t<div class=\"elementor-element elementor-element-4b130920 e-con-full e-flex ecomus-responsive-column ecomus-tablet-column--default ecomus-responsive-column ecomus-mobile-column--default ecomus-responsive-column ecomus-motion--var(--position) wpr-particle-no wpr-jarallax-no wpr-parallax-no e-con e-child\" data-id=\"4b130920\" data-element_type=\"container\" data-e-type=\"container\" data-settings=\"{&quot;background_background&quot;:&quot;classic&quot;}\">\n\t\t<div class=\"elementor-element elementor-element-1a024ed5 e-con-full ecomus-responsive-column ecomus-motion--sticky e-flex ecomus-responsive-column ecomus-tablet-column--default ecomus-responsive-column ecomus-mobile-column--default wpr-particle-no wpr-jarallax-no wpr-parallax-no e-con e-child\" data-id=\"1a024ed5\" data-element_type=\"container\" data-e-type=\"container\" data-settings=\"{&quot;background_background&quot;:&quot;classic&quot;}\">\n\t\t\t\t<div class=\"elementor-element elementor-element-129b2ed elementor-hidden-desktop elementor-hidden-tablet elementor-hidden-mobile wpr-grid-slider-columns-3 wpr-grid-slider-columns--tablet2 wpr-grid-slider-columns--mobile1 wpr-grid-slider-dots-horizontal wpr-item-styles-inner wpr-grid-slider-nav-position-custom elementor-widget elementor-widget-wpr-grid\" data-id=\"129b2ed\" data-element_type=\"widget\" data-e-type=\"widget\" data-settings=\"{&quot;layout_slider_autoplay_duration&quot;:2,&quot;layout_slider_amount&quot;:3,&quot;layout_slider_amount_tablet&quot;:2,&quot;layout_slider_amount_mobile&quot;:1,&quot;layout_slides_to_scroll&quot;:1,&quot;layout_slider_autoplay&quot;:&quot;yes&quot;,&quot;layout_slider_loop&quot;:&quot;yes&quot;}\" data-widget_type=\"wpr-grid.default\">\n\t\t\t\t<div class=\"elementor-widget-container\">\n\t\t\t\t\t<section class=\"wpr-grid elementor-clearfix\" dir=\"ltr\" data-slick=\"{&quot;rtl&quot;:false,&quot;infinite&quot;:true,&quot;speed&quot;:700,&quot;arrows&quot;:true,&quot;dots&quot;:true,&quot;autoplay&quot;:true,&quot;autoplaySpeed&quot;:2000,&quot;pauseOnHover&quot;:&quot;yes&quot;,&quot;prevArrow&quot;:&quot;#wpr-grid-slider-prev-129b2ed&quot;,&quot;nextArrow&quot;:&quot;#wpr-grid-slider-next-129b2ed&quot;,&quot;sliderSlidesToScroll&quot;:1,&quot;lightbox&quot;:{&quot;selector&quot;:&quot;article:not(.slick-cloned) .wpr-grid-image-wrap&quot;,&quot;iframeMaxWidth&quot;:&quot;60%&quot;,&quot;hash&quot;:false,&quot;autoplay&quot;:&quot;true&quot;,&quot;pause&quot;:5000,&quot;progressBar&quot;:&quot;true&quot;,&quot;counter&quot;:&quot;true&quot;,&quot;controls&quot;:&quot;true&quot;,&quot;getCaptionFromTitleOrAlt&quot;:&quot;true&quot;,&quot;thumbnail&quot;:&quot;true&quot;,&quot;showThumbByDefault&quot;:&quot;true&quot;,&quot;share&quot;:&quot;true&quot;,&quot;zoom&quot;:&quot;true&quot;,&quot;fullScreen&quot;:&quot;true&quot;,&quot;download&quot;:&quot;true&quot;}}\"><article class=\"wpr-grid-item elementor-clearfix post-43613 post type-post status-publish format-standard has-post-thumbnail hentry category-cura-dei-capelli category-cura-del-viso category-innovazione category-made-in-italy category-news category-styling category-tendenza tag-tendenza\"><div class=\"wpr-grid-item-inner\"><div class=\"wpr-grid-media-wrap wpr-effect-size-medium \" data-overlay-link=\"yes\"><div class=\"wpr-grid-image-wrap\" data-src=\"https:\/\/eledi.robertocuomo.com\/wp-content\/uploads\/2025\/01\/articolo4-kapera-scaled-1.jpg\" data-img-on-hover=\"\"  data-src-secondary=\"\"><img decoding=\"async\" data-no-lazy=\"1\" src=\"https:\/\/eledi.robertocuomo.com\/wp-content\/uploads\/2025\/01\/articolo4-kapera-scaled-1.jpg\" alt=\"Capelli Perfetti e Pronti per la Giornata: La Routine Lovely per la frenesia quotidiana\" class=\"wpr-anim-timing-ease-default\"><\/div><div class=\"wpr-grid-media-hover wpr-animation-wrap\"><div class=\"wpr-grid-media-hover-bg  wpr-overlay-fade-in wpr-anim-size-large wpr-anim-timing-ease-default wpr-anim-transparency\" data-url=\"https:\/\/eledi.robertocuomo.com\/?p=43613\"><\/div><\/div><\/div><div class=\"wpr-grid-item-below-content elementor-clearfix\"><h2 class=\"wpr-grid-item-title elementor-repeater-item-c10ba68 wpr-grid-item-display-block wpr-grid-item-align-left wpr-pointer-none wpr-pointer-line-fx wpr-pointer-fx-slide\"><div class=\"inner-block\"><a target=\"_self\"  href=\"https:\/\/eledi.robertocuomo.com\/?p=43613\">Capelli Perfetti e Pronti per la Giornata: La Routine Lovely&hellip;<\/a><\/div><\/h2><div class=\"wpr-grid-item-date elementor-repeater-item-28b4ad5 wpr-grid-item-display-inline wpr-grid-item-align-left\"><div class=\"inner-block\"><span>10 Febbraio 2026<\/span><\/div><\/div><\/div><\/div><\/article><article class=\"wpr-grid-item elementor-clearfix post-43609 post type-post status-publish format-standard has-post-thumbnail hentry category-cura-dei-capelli category-cura-del-viso category-innovazione category-made-in-italy category-news category-styling category-tendenza tag-tendenza\"><div class=\"wpr-grid-item-inner\"><div class=\"wpr-grid-media-wrap wpr-effect-size-medium \" data-overlay-link=\"yes\"><div class=\"wpr-grid-image-wrap\" data-src=\"https:\/\/eledi.robertocuomo.com\/wp-content\/uploads\/2025\/02\/articolo-loro-scaled-1.jpg\" data-img-on-hover=\"\"  data-src-secondary=\"\"><img decoding=\"async\" data-no-lazy=\"1\" src=\"https:\/\/eledi.robertocuomo.com\/wp-content\/uploads\/2025\/02\/articolo-loro-scaled-1.jpg\" alt=\"Autumn Vibes: I Trend del 2025\" class=\"wpr-anim-timing-ease-default\"><\/div><div class=\"wpr-grid-media-hover wpr-animation-wrap\"><div class=\"wpr-grid-media-hover-bg  wpr-overlay-fade-in wpr-anim-size-large wpr-anim-timing-ease-default wpr-anim-transparency\" data-url=\"https:\/\/eledi.robertocuomo.com\/?p=43609\"><\/div><\/div><\/div><div class=\"wpr-grid-item-below-content elementor-clearfix\"><h2 class=\"wpr-grid-item-title elementor-repeater-item-c10ba68 wpr-grid-item-display-block wpr-grid-item-align-left wpr-pointer-none wpr-pointer-line-fx wpr-pointer-fx-slide\"><div class=\"inner-block\"><a target=\"_self\"  href=\"https:\/\/eledi.robertocuomo.com\/?p=43609\">Autumn Vibes: I Trend del 2025<\/a><\/div><\/h2><div class=\"wpr-grid-item-date elementor-repeater-item-28b4ad5 wpr-grid-item-display-inline wpr-grid-item-align-left\"><div class=\"inner-block\"><span>10 Febbraio 2026<\/span><\/div><\/div><\/div><\/div><\/article><article class=\"wpr-grid-item elementor-clearfix post-43605 post type-post status-publish format-standard has-post-thumbnail hentry category-cura-dei-capelli category-cura-del-viso category-innovazione category-made-in-italy category-news category-styling category-tendenza tag-tendenza\"><div class=\"wpr-grid-item-inner\"><div class=\"wpr-grid-media-wrap wpr-effect-size-medium \" data-overlay-link=\"yes\"><div class=\"wpr-grid-image-wrap\" data-src=\"https:\/\/eledi.robertocuomo.com\/wp-content\/uploads\/2025\/03\/Caduta-dei-capelli-in-autunno.jpg\" data-img-on-hover=\"\"  data-src-secondary=\"\"><img decoding=\"async\" data-no-lazy=\"1\" src=\"https:\/\/eledi.robertocuomo.com\/wp-content\/uploads\/2025\/03\/Caduta-dei-capelli-in-autunno.jpg\" alt=\"La Caduta dei Capelli in Autunno: Cause e Soluzioni con Prodotti Kapera\" class=\"wpr-anim-timing-ease-default\"><\/div><div class=\"wpr-grid-media-hover wpr-animation-wrap\"><div class=\"wpr-grid-media-hover-bg  wpr-overlay-fade-in wpr-anim-size-large wpr-anim-timing-ease-default wpr-anim-transparency\" data-url=\"https:\/\/eledi.robertocuomo.com\/?p=43605\"><\/div><\/div><\/div><div class=\"wpr-grid-item-below-content elementor-clearfix\"><h2 class=\"wpr-grid-item-title elementor-repeater-item-c10ba68 wpr-grid-item-display-block wpr-grid-item-align-left wpr-pointer-none wpr-pointer-line-fx wpr-pointer-fx-slide\"><div class=\"inner-block\"><a target=\"_self\"  href=\"https:\/\/eledi.robertocuomo.com\/?p=43605\">La Caduta dei Capelli in Autunno: Cause e Soluzioni con&hellip;<\/a><\/div><\/h2><div class=\"wpr-grid-item-date elementor-repeater-item-28b4ad5 wpr-grid-item-display-inline wpr-grid-item-align-left\"><div class=\"inner-block\"><span>10 Febbraio 2026<\/span><\/div><\/div><\/div><\/div><\/article><article class=\"wpr-grid-item elementor-clearfix post-36377 post type-post status-publish format-standard has-post-thumbnail hentry category-cura-dei-capelli category-cura-del-viso category-innovazione category-made-in-italy category-news category-styling category-tendenza tag-tendenza\"><div class=\"wpr-grid-item-inner\"><div class=\"wpr-grid-media-wrap wpr-effect-size-medium \" data-overlay-link=\"yes\"><div class=\"wpr-grid-image-wrap\" data-src=\"https:\/\/eledi.robertocuomo.com\/wp-content\/uploads\/2026\/02\/VIN0443-1.jpg\" data-img-on-hover=\"\"  data-src-secondary=\"\"><img decoding=\"async\" data-no-lazy=\"1\" src=\"https:\/\/eledi.robertocuomo.com\/wp-content\/uploads\/2026\/02\/VIN0443-1.jpg\" alt=\"Come diventa glam via Brin. Dopo \u00abEccellenze\u00bb arriva \u00abKapera\u00bb\" class=\"wpr-anim-timing-ease-default\"><\/div><div class=\"wpr-grid-media-hover wpr-animation-wrap\"><div class=\"wpr-grid-media-hover-bg  wpr-overlay-fade-in wpr-anim-size-large wpr-anim-timing-ease-default wpr-anim-transparency\" data-url=\"https:\/\/eledi.robertocuomo.com\/?p=36377\"><\/div><\/div><\/div><div class=\"wpr-grid-item-below-content elementor-clearfix\"><h2 class=\"wpr-grid-item-title elementor-repeater-item-c10ba68 wpr-grid-item-display-block wpr-grid-item-align-left wpr-pointer-none wpr-pointer-line-fx wpr-pointer-fx-slide\"><div class=\"inner-block\"><a target=\"_self\"  href=\"https:\/\/eledi.robertocuomo.com\/?p=36377\">Come diventa glam via Brin. Dopo \u00abEccellenze\u00bb arriva \u00abKapera\u00bb<\/a><\/div><\/h2><div class=\"wpr-grid-item-date elementor-repeater-item-28b4ad5 wpr-grid-item-display-inline wpr-grid-item-align-left\"><div class=\"inner-block\"><span>30 Marzo 2025<\/span><\/div><\/div><\/div><\/div><\/article><\/section><div class=\"wpr-grid-slider-arrow-container\"><div class=\"wpr-grid-slider-prev-arrow wpr-grid-slider-arrow\" id=\"wpr-grid-slider-prev-129b2ed\"><svg version=\"1.1\" xmlns=\"http:\/\/www.w3.org\/2000\/svg\" xmlns:xlink=\"http:\/\/www.w3.org\/1999\/xlink\" x=\"0px\" y=\"0px\" viewBox=\"0 0 283.4 512\" style=\"enable-background:new 0 0 283.4 512;\" xml:space=\"preserve\"><g><polygon class=\"st0\" points=\"54.5,256.3 283.4,485.1 256.1,512.5 0,256.3 0,256.3 27.2,229 256.1,0 283.4,27.4 \"\/><\/g><\/svg><\/div><div class=\"wpr-grid-slider-next-arrow wpr-grid-slider-arrow\" id=\"wpr-grid-slider-next-129b2ed\"><svg version=\"1.1\" xmlns=\"http:\/\/www.w3.org\/2000\/svg\" xmlns:xlink=\"http:\/\/www.w3.org\/1999\/xlink\" x=\"0px\" y=\"0px\" viewBox=\"0 0 283.4 512\" style=\"enable-background:new 0 0 283.4 512;\" xml:space=\"preserve\"><g><polygon class=\"st0\" points=\"54.5,256.3 283.4,485.1 256.1,512.5 0,256.3 0,256.3 27.2,229 256.1,0 283.4,27.4 \"\/><\/g><\/svg><\/div><\/div><div class=\"wpr-grid-slider-dots\"><\/div>\t\t\t\t<\/div>\n\t\t\t\t<\/div>\n\t\t\t\t<div class=\"elementor-element elementor-element-3e76aaf elementor-hidden-desktop elementor-hidden-tablet elementor-widget elementor-widget-heading\" data-id=\"3e76aaf\" data-element_type=\"widget\" data-e-type=\"widget\" data-widget_type=\"heading.default\">\n\t\t\t\t<div class=\"elementor-widget-container\">\n\t\t\t\t\t<h2 class=\"elementor-heading-title elementor-size-default\">Articoli Recenti<\/h2>\t\t\t\t<\/div>\n\t\t\t\t<\/div>\n\t\t\t\t<div class=\"elementor-element elementor-element-0738555 elementor-hidden-desktop elementor-hidden-tablet elementor-widget elementor-widget-ucaddon_swipe_css_carousel\" data-id=\"0738555\" data-element_type=\"widget\" data-e-type=\"widget\" data-widget_type=\"ucaddon_swipe_css_carousel.default\">\n\t\t\t\t<div class=\"elementor-widget-container\">\n\t\t\t\t\t\n<!-- start Swipe Carousel -->\n<style>\/* widget: Swipe Carousel *\/\n\n#uc_swipe_css_carousel_elementor_0738555,\n#uc_swipe_css_carousel_elementor_0738555 .uc-items-wrapper{\n    padding: 0px;\n    display: flex;\n    overflow: scroll;\n  \twidth: 100%;\n  \t}\n\n#uc_swipe_css_carousel_elementor_0738555 .galleryItem {\n    background-position:center;\n    flex-shrink: 0;\n    position:relative;\n    background-repeat:no-repeat;\n  \tdisplay: flex;\n  \t}\n\n#uc_swipe_css_carousel_elementor_0738555 .swipe_css_carousel-content{\n\tposition: absolute;\n  \tleft: 0;\n}\n\n#uc_swipe_css_carousel_elementor_0738555::-webkit-scrollbar,\n#uc_swipe_css_carousel_elementor_0738555 .uc-items-wrapper::-webkit-scrollbar {\n  width: 0px !important;\n  height: 0px !important;\n  background-color: rgba(0, 0, 0, 0);\n}\n\n#uc_swipe_css_carousel_elementor_0738555::-webkit-scrollbar-thumb,\n#uc_swipe_css_carousel_elementor_0738555 .uc-items-wrapper::-webkit-scrollbar-thumb {\n  background-color: rgba(0, 0, 0, 0);\n}\n\n#uc_swipe_css_carousel_elementor_0738555::-webkit-scrollbar-track,\n#uc_swipe_css_carousel_elementor_0738555 .uc-items-wrapper::-webkit-scrollbar-track {\n  background-color: rgba(255, 255, 255, 0.0);\n}\n\n#uc_swipe_css_carousel_elementor_0738555 .galleryItemLink{\n  display:block;\n  position:absolute;\n  top:0;\n  bottom:0;\n  left:0;\n  right:0;\n}\n\n\n#uc_swipe_css_carousel_elementor_0738555 .swipe_css_carousel-content-titles{\n  display: flex;\n}\n#uc_swipe_css_carousel_elementor_0738555_item1{\n\tbackground-image: url(https:\/\/eledi.robertocuomo.com\/wp-content\/uploads\/2025\/01\/44-1.jpg);\n}\n\n#uc_swipe_css_carousel_elementor_0738555_item2{\n\tbackground-image: url(https:\/\/eledi.robertocuomo.com\/wp-content\/uploads\/2025\/01\/articolo4-kapera-scaled-1.jpg);\n}\n\n#uc_swipe_css_carousel_elementor_0738555_item3{\n\tbackground-image: url(https:\/\/eledi.robertocuomo.com\/wp-content\/uploads\/2025\/02\/articolo-loro-scaled-1.jpg);\n}\n\n#uc_swipe_css_carousel_elementor_0738555_item4{\n\tbackground-image: url(https:\/\/eledi.robertocuomo.com\/wp-content\/uploads\/2025\/03\/Caduta-dei-capelli-in-autunno.jpg);\n}\n\n#uc_swipe_css_carousel_elementor_0738555_item5{\n\tbackground-image: url(https:\/\/eledi.robertocuomo.com\/wp-content\/uploads\/2026\/02\/VIN0443-1.jpg);\n}\n\n\n\n<\/style>\n\n<div id=\"uc_swipe_css_carousel_elementor_0738555\" class=\"swipe_css_carousel \"  data-show-title=\"true\" data-show-text=\"false\" data-justified-widths=\"false\">\n   <div style=\"height:10px;flex-shrink: 0;\" class=\"startGap\"><\/div>\n   <div class=\"uc-items-wrapper\">\n<div id=\"uc_swipe_css_carousel_elementor_0738555_item1\" class=\"galleryItem\">\n\n  \n      <a class=\"galleryItemLink\" href=\"https:\/\/eledi.robertocuomo.com\/?p=43617\"  aria-label=\"gallery item link\"><\/a>\n\n  \n  <div class=\"swipe_css_carousel-content\">\n\n          <a class=\"galleryItemLink\" href=\"https:\/\/eledi.robertocuomo.com\/?p=43617\"  aria-label=\"gallery item link\"><\/a>\n\n    \n    <div class=\"swipe_css_carousel-content-titles\">\n\n                        <a href=\"https:\/\/eledi.robertocuomo.com\/?p=43617\" >\n                    <div class=\"swipe_css_carousel-title\">La tua hair routine per capelli difficili da gestire<\/div>\n                  <\/a>\n              \n            \n            \n    <\/div>\n\n    \n  <\/div>\n\n<\/div>\n\n<div id=\"uc_swipe_css_carousel_elementor_0738555_item2\" class=\"galleryItem\">\n\n  \n      <a class=\"galleryItemLink\" href=\"https:\/\/eledi.robertocuomo.com\/?p=43613\"  aria-label=\"gallery item link\"><\/a>\n\n  \n  <div class=\"swipe_css_carousel-content\">\n\n          <a class=\"galleryItemLink\" href=\"https:\/\/eledi.robertocuomo.com\/?p=43613\"  aria-label=\"gallery item link\"><\/a>\n\n    \n    <div class=\"swipe_css_carousel-content-titles\">\n\n                        <a href=\"https:\/\/eledi.robertocuomo.com\/?p=43613\" >\n                    <div class=\"swipe_css_carousel-title\">Capelli Perfetti e Pronti per la Giornata: La Routine Lovely per la frenesia quotidiana<\/div>\n                  <\/a>\n              \n            \n            \n    <\/div>\n\n    \n  <\/div>\n\n<\/div>\n\n<div id=\"uc_swipe_css_carousel_elementor_0738555_item3\" class=\"galleryItem\">\n\n  \n      <a class=\"galleryItemLink\" href=\"https:\/\/eledi.robertocuomo.com\/?p=43609\"  aria-label=\"gallery item link\"><\/a>\n\n  \n  <div class=\"swipe_css_carousel-content\">\n\n          <a class=\"galleryItemLink\" href=\"https:\/\/eledi.robertocuomo.com\/?p=43609\"  aria-label=\"gallery item link\"><\/a>\n\n    \n    <div class=\"swipe_css_carousel-content-titles\">\n\n                        <a href=\"https:\/\/eledi.robertocuomo.com\/?p=43609\" >\n                    <div class=\"swipe_css_carousel-title\">Autumn Vibes: I Trend del 2025<\/div>\n                  <\/a>\n              \n            \n            \n    <\/div>\n\n    \n  <\/div>\n\n<\/div>\n\n<div id=\"uc_swipe_css_carousel_elementor_0738555_item4\" class=\"galleryItem\">\n\n  \n      <a class=\"galleryItemLink\" href=\"https:\/\/eledi.robertocuomo.com\/?p=43605\"  aria-label=\"gallery item link\"><\/a>\n\n  \n  <div class=\"swipe_css_carousel-content\">\n\n          <a class=\"galleryItemLink\" href=\"https:\/\/eledi.robertocuomo.com\/?p=43605\"  aria-label=\"gallery item link\"><\/a>\n\n    \n    <div class=\"swipe_css_carousel-content-titles\">\n\n                        <a href=\"https:\/\/eledi.robertocuomo.com\/?p=43605\" >\n                    <div class=\"swipe_css_carousel-title\">La Caduta dei Capelli in Autunno: Cause e Soluzioni con Prodotti Kapera<\/div>\n                  <\/a>\n              \n            \n            \n    <\/div>\n\n    \n  <\/div>\n\n<\/div>\n\n<div id=\"uc_swipe_css_carousel_elementor_0738555_item5\" class=\"galleryItem\">\n\n  \n      <a class=\"galleryItemLink\" href=\"https:\/\/eledi.robertocuomo.com\/?p=36377\"  aria-label=\"gallery item link\"><\/a>\n\n  \n  <div class=\"swipe_css_carousel-content\">\n\n          <a class=\"galleryItemLink\" href=\"https:\/\/eledi.robertocuomo.com\/?p=36377\"  aria-label=\"gallery item link\"><\/a>\n\n    \n    <div class=\"swipe_css_carousel-content-titles\">\n\n                        <a href=\"https:\/\/eledi.robertocuomo.com\/?p=36377\" >\n                    <div class=\"swipe_css_carousel-title\">Come diventa glam via Brin. Dopo \u00abEccellenze\u00bb arriva \u00abKapera\u00bb<\/div>\n                  <\/a>\n              \n            \n            \n    <\/div>\n\n    \n  <\/div>\n\n<\/div>\n<\/div>\n   <div style=\"height:10px;flex-shrink: 0;\" class=\"endGap\"><\/div>\n<\/div>\n<!-- end Swipe Carousel -->\t\t\t\t<\/div>\n\t\t\t\t<\/div>\n\t\t\t\t<div class=\"elementor-element elementor-element-1ef6ebb3 elementor-widget elementor-widget-heading\" data-id=\"1ef6ebb3\" data-element_type=\"widget\" data-e-type=\"widget\" data-widget_type=\"heading.default\">\n\t\t\t\t<div class=\"elementor-widget-container\">\n\t\t\t\t\t<h2 class=\"elementor-heading-title elementor-size-default\">Categorie Articoli<\/h2>\t\t\t\t<\/div>\n\t\t\t\t<\/div>\n\t\t\t\t<div class=\"elementor-element elementor-element-49743b7a wpr-taxonomy-list-vertical elementor-widget elementor-widget-wpr-taxonomy-list\" data-id=\"49743b7a\" data-element_type=\"widget\" data-e-type=\"widget\" data-widget_type=\"wpr-taxonomy-list.default\">\n\t\t\t\t<div class=\"elementor-widget-container\">\n\t\t\t\t\t<ul class=\"wpr-taxonomy-list\" data-show-on-click=\"yes\"><li class=\"wpr-taxonomy\"data-term-id=\"3359\"><a target=\"_self\" href=\"https:\/\/eledi.robertocuomo.com\/?cat=3359\"><span class=\"wpr-tax-wrap\"> <span><\/span><span>Cura dei Capelli<\/span><\/span><\/a><\/li><li class=\"wpr-taxonomy\"data-term-id=\"18\"><a target=\"_self\" href=\"https:\/\/eledi.robertocuomo.com\/?cat=18\"><span class=\"wpr-tax-wrap\"> <span><\/span><span>Cura del Viso<\/span><\/span><\/a><\/li><li class=\"wpr-taxonomy\"data-term-id=\"3356\"><a target=\"_self\" href=\"https:\/\/eledi.robertocuomo.com\/?cat=3356\"><span class=\"wpr-tax-wrap\"> <span><\/span><span>Innovazione<\/span><\/span><\/a><\/li><li class=\"wpr-taxonomy\"data-term-id=\"21\"><a target=\"_self\" href=\"https:\/\/eledi.robertocuomo.com\/?cat=21\"><span class=\"wpr-tax-wrap\"> <span><\/span><span>Made In Italy<\/span><\/span><\/a><\/li><li class=\"wpr-taxonomy\"data-term-id=\"3357\"><a target=\"_self\" href=\"https:\/\/eledi.robertocuomo.com\/?cat=3357\"><span class=\"wpr-tax-wrap\"> <span><\/span><span>News<\/span><\/span><\/a><\/li><li class=\"wpr-taxonomy\"data-term-id=\"3298\"><a target=\"_self\" href=\"https:\/\/eledi.robertocuomo.com\/?cat=3298\"><span class=\"wpr-tax-wrap\"> <span><\/span><span>Styling<\/span><\/span><\/a><\/li><li class=\"wpr-taxonomy\"data-term-id=\"3299\"><a target=\"_self\" href=\"https:\/\/eledi.robertocuomo.com\/?cat=3299\"><span class=\"wpr-tax-wrap\"> <span><\/span><span>Tendenza<\/span><\/span><\/a><\/li><\/ul>\t\t\t\t<\/div>\n\t\t\t\t<\/div>\n\t\t\t\t<div class=\"elementor-element elementor-element-2027a600 wpr-promo-box-style-cover elementor-widget elementor-widget-wpr-promo-box\" data-id=\"2027a600\" data-element_type=\"widget\" data-e-type=\"widget\" data-widget_type=\"wpr-promo-box.default\">\n\t\t\t\t<div class=\"elementor-widget-container\">\n\t\t\t\t\t\n\t\t<div class=\"wpr-promo-box wpr-animation-wrap\">\n\n\t\t\t\t\t\t\t\n\t\t\t\t\t\t\t<div class=\"wpr-promo-box-image\">\n\t\t\t\t\t<div class=\"wpr-promo-box-bg-image wpr-bg-anim-zoom-in wpr-anim-timing-ease-default\" style=\"background-image:url(https:\/\/eledi.robertocuomo.com\/wp-content\/uploads\/2026\/02\/491755620_1261839795797458_2904716435008579220_n.jpg);\"><\/div>\n\t\t\t\t\t<div class=\"wpr-promo-box-bg-overlay wpr-border-anim-none\"><\/div>\n\t\t\t\t<\/div>\n\t\t\t\t\t\t\n\t\t\t<div class=\"wpr-promo-box-content\">\n\n\t\t\t\t\n\t\t\t\t<h3 class=\"wpr-promo-box-title\"><span>Inspiring Lifestyle<\/span><\/h3>\n\t\t\t\t\t\t\t\t\t<div class=\"wpr-promo-box-description\">\n\t\t\t\t\t\t<p><p>Scopri i prodotti sul nostro shop e goditi un viaggio nei meandri dell'Hairbeauty.<\/p><\/p>\t\n\t\t\t\t\t<\/div>\t\t\t\t\t\t\n\t\t\t\t\n\t\t\t\t\t\t\t\t\t<div class=\"wpr-promo-box-btn-wrap\">\n\t\t\t\t\t\t<a class=\"wpr-promo-box-btn\" href=\"https:\/\/eledi.robertocuomo.com\/shop\/\">\n\n\t\t\t\t\t\t\t\t\t\t\t\t\t\t<span class=\"wpr-promo-box-btn-text\">Scopri di pi\u00f9<\/span>\t\t\n\t\t\t\t\t\t\t\n\t\t\t\t\t\t\t\t\t\t\t\t\t<\/a>\n\t\t\t\t\t<\/div>\t\n\t\t\t\t\t\t\t<\/div>\n\n\t\t\t\t\t<\/div>\n\n\t\t\t\t\t\t<\/div>\n\t\t\t\t<\/div>\n\t\t\t\t<\/div>\n\t\t\t\t<\/div>\n\t\t\t\t\t<\/div>\n\t\t\t\t<\/div>\n\t\t\t\t<\/div>\n\t\t","protected":false},"excerpt":{"rendered":"<p>Style Tips Qui troverai consigli pratici, tendenze del momento e suggerimenti professionali per valorizzare al meglio i tuoi capelli. All Posts Altro Innovazione Made In Italy Mercato News Tecnologia Tendenza 30 Marzo 2025 Come diventa glam via Brin. Dopo \u00abEccellenze\u00bb arriva \u00abKapera\u00bb Com\u2019\u00e8 glam via Brin! A una passo da\u00a0Eccellenze Campania, di fronte allo studentato dell\u2019Orientale, ha appena inaugurato\u00a0Kapera, un grande&#8230; Leggi l&#039;articolo 22 Marzo 2025 La Caduta dei Capelli in Autunno: Cause e Soluzioni con Prodotti Kapera Con l\u2019arrivo dell\u2019autunno, molti notano un fenomeno comune: la\u00a0caduta dei capelli. Anche se pu\u00f2 sembrare allarmante, si tratta di&#8230; Leggi l&#039;articolo 16 Febbraio 2025 Autumn Vibes: I Trend del 2025 Cosa prevedono le nuove tendenze\u00a0autunno-inverno 2024\/2025? Colori caldi o freddi? Scopriamolo insieme in questo articolo! Leggi l&#039;articolo 31 Gennaio 2025 Capelli Perfetti e Pronti per la Giornata: La Routine Lovely per la frenesia quotidiana Nel mondo frenetico di oggi, la donna in carriera ha bisogno di una routine capillare che sia tanto efficace&#8230; Leggi l&#039;articolo 30 Gennaio 2025 La tua hair routine per capelli difficili da gestire Ti svegli al mattino, ti guardi allo specchio e i tuoi capelli sembrano aver perso vitalit\u00e0: sono opachi, secchi&#8230; Leggi l&#039;articolo La Caduta dei Capelli in Autunno: Cause e Soluzioni con&hellip; 22 Marzo 2025 Autumn Vibes: I Trend del 2025 16 Febbraio 2025 Capelli Perfetti e Pronti per la Giornata: La Routine Lovely&hellip; 31 Gennaio 2025 La tua hair routine per capelli difficili da gestire 30 Gennaio 2025 Articoli Recenti Come diventa glam via Brin. Dopo \u00abEccellenze\u00bb arriva \u00abKapera\u00bb La Caduta dei Capelli in Autunno: Cause e Soluzioni con Prodotti Kapera Autumn Vibes: I Trend del 2025 Capelli Perfetti e Pronti per la Giornata: La Routine Lovely per la frenesia quotidiana La tua hair routine per capelli difficili da gestire Categorie Articoli Altro Innovazione Made In Italy News Tecnologia Tendenza Inspiring Lifestyle Scopri i prodotti sul nostro shop e goditi un viaggio nei meandri dell&#8217;Hairbeauty. Scopri di pi\u00f9<\/p>\n","protected":false},"author":1,"featured_media":0,"parent":0,"menu_order":0,"comment_status":"closed","ping_status":"closed","template":"","meta":{"_joinchat":[],"footnotes":""},"class_list":["post-2","page","type-page","status-publish","hentry"],"acf":[],"_links":{"self":[{"href":"https:\/\/eledi.robertocuomo.com\/index.php?rest_route=\/wp\/v2\/pages\/2","targetHints":{"allow":["GET"]}}],"collection":[{"href":"https:\/\/eledi.robertocuomo.com\/index.php?rest_route=\/wp\/v2\/pages"}],"about":[{"href":"https:\/\/eledi.robertocuomo.com\/index.php?rest_route=\/wp\/v2\/types\/page"}],"author":[{"embeddable":true,"href":"https:\/\/eledi.robertocuomo.com\/index.php?rest_route=\/wp\/v2\/users\/1"}],"replies":[{"embeddable":true,"href":"https:\/\/eledi.robertocuomo.com\/index.php?rest_route=%2Fwp%2Fv2%2Fcomments&post=2"}],"version-history":[{"count":0,"href":"https:\/\/eledi.robertocuomo.com\/index.php?rest_route=\/wp\/v2\/pages\/2\/revisions"}],"wp:attachment":[{"href":"https:\/\/eledi.robertocuomo.com\/index.php?rest_route=%2Fwp%2Fv2%2Fmedia&parent=2"}],"curies":[{"name":"wp","href":"https:\/\/api.w.org\/{rel}","templated":true}]}}